{"id":1,"type":"Standard","slug":"\/","media":[],"seo":{"title":"Otthon G\u00f6d\u00f6ll\u0151n: Elad\u00f3 csal\u00e1di h\u00e1z G\u00f6d\u00f6ll\u0151n, Kertv\u00e1rosban","meta":[{"name":"description","content":"Elad\u00f3 k\u00e9tszintes csal\u00e1di h\u00e1z G\u00f6d\u00f6ll\u0151n, 823 m\u00b2-es telken. Mag\u00e1nelad\u00e1s."},{"name":"generator","content":"TYPO3 CMS x T3Headless"}],"link":[{"href":"https:\/\/haus.stage.tfirst.de\/","rel":"canonical"},{"rel":"alternate","hreflang":"de-DE","href":"https:\/\/haus.stage.tfirst.de\/de\/"},{"rel":"alternate","hreflang":"en","href":"https:\/\/haus.stage.tfirst.de\/en\/"},{"rel":"alternate","hreflang":"hu-HU","href":"https:\/\/haus.stage.tfirst.de\/"},{"rel":"alternate","hreflang":"x-default","href":"https:\/\/haus.stage.tfirst.de\/de\/"}],"htmlAttrs":{"lang":"hu","dir":null},"bodyAttrs":{"class":"pid-1 layout-layout-0"}},"meta":{"title":"Elad\u00f3 csal\u00e1di h\u00e1z G\u00f6d\u00f6ll\u0151n, Kertv\u00e1rosban","subtitle":"","abstract":"","description":"Elad\u00f3 k\u00e9tszintes csal\u00e1di h\u00e1z G\u00f6d\u00f6ll\u0151n, 823 m\u00b2-es telken. Mag\u00e1nelad\u00e1s.","keywords":"","canonical":"","robots":{"noIndex":false,"noFollow":false},"author":"","authorEmail":"","ogTitle":"Elad\u00f3 csal\u00e1di h\u00e1z G\u00f6d\u00f6ll\u0151n, Kertv\u00e1rosban","ogDescription":"Elad\u00f3 k\u00e9tszintes csal\u00e1di h\u00e1z G\u00f6d\u00f6ll\u0151n, 823 m\u00b2-es telken. Mag\u00e1nelad\u00e1s.","ogImage":null,"twitterTitle":"Elad\u00f3 csal\u00e1di h\u00e1z G\u00f6d\u00f6ll\u0151n, Kertv\u00e1rosban","twitterDescription":"Elad\u00f3 k\u00e9tszintes csal\u00e1di h\u00e1z G\u00f6d\u00f6ll\u0151n, 823 m\u00b2-es telken. Mag\u00e1nelad\u00e1s.","twitterCard":"","twitterImage":null},"categories":"","breadcrumbs":[{"title":"Home","link":"https:\/\/haus.stage.tfirst.de\/","target":"","active":1,"current":1,"spacer":0,"hasSubpages":0}],"appearance":{"layout":"layout-0","backendLayout":"onepager"},"content":{"colPos20":[{"id":268,"type":"haussite_siteheader","colPos":20,"categories":"","appearance":{"layout":"default","frameClass":"default","spaceBefore":"","spaceAfter":""},"content":{"header":"Otthon G\u00f6d\u00f6ll\u0151n","subheader":"Kertv\u00e1ros","headerLayout":0,"headerPosition":"","headerLink":"","anchor":"","navTitle":"","ctaLabel":"Megtekint\u00e9s megszervez\u00e9se","ctaLink":{"href":"#contact","target":null,"class":null,"title":null,"linkText":"Elad\u00f3 csal\u00e1di h\u00e1z G\u00f6d\u00f6ll\u0151n, Kertv\u00e1rosban","additionalAttributes":[]},"ctaIcon":"calendar"}}],"colPos10":[{"id":265,"type":"haussite_footer","colPos":10,"categories":"","appearance":{"layout":"default","frameClass":"default","spaceBefore":"","spaceAfter":""},"content":{"header":"Elad\u00f3 csal\u00e1di h\u00e1z G\u00f6d\u00f6ll\u0151n, Kertv\u00e1rosban","subheader":"Mag\u00e1nelad\u00e1s \u00b7 208 m\u00b2 \u00b7 823 m\u00b2 telek","headerLayout":0,"headerPosition":"","headerLink":"","anchor":"","navTitle":"","rights":"Minden jog fenntartva.","bodytext":"A felt\u00fcntetett adatok t\u00e1j\u00e9koztat\u00f3 jelleg\u0171ek.","ctaLabel":"Impresszum","ctaLink":{"href":"https:\/\/haus.stage.tfirst.de\/impresszum","target":null,"class":null,"title":null,"linkText":"Impresszum","additionalAttributes":[]},"ctaIcon":"","cta2Label":"Adatv\u00e9delem","cta2Link":{"href":"https:\/\/haus.stage.tfirst.de\/adatvedelem","target":null,"class":null,"title":null,"linkText":"Adatv\u00e9delmi t\u00e1j\u00e9koztat\u00f3","additionalAttributes":[]},"cta2Icon":"","cta3Label":"Akad\u00e1lymentes\u00edt\u00e9s","cta3Link":{"href":"https:\/\/haus.stage.tfirst.de\/akadalymentesites","target":null,"class":null,"title":null,"linkText":"Akad\u00e1lymentes\u00edt\u00e9s","additionalAttributes":[]}}}],"colPos0":[{"id":229,"type":"haussite_hero","colPos":0,"categories":"","appearance":{"layout":"default","frameClass":"default","spaceBefore":"","spaceAfter":""},"content":{"header":"K\u00e9tszintes csal\u00e1di h\u00e1z egy csendes, f\u00e1kkal szeg\u00e9lyezett utc\u00e1ban","subheader":"Mag\u00e1nelad\u00e1s \u00b7 G\u00f6d\u00f6ll\u0151, Magyarorsz\u00e1g","headerLayout":0,"headerPosition":"","headerLink":"","anchor":"top","navTitle":"","bodytext":"T\u00e1gas, t\u00f6bbgener\u00e1ci\u00f3s h\u00e1z 823 m\u00b2-es telken, ide\u00e1lis otthonnak \u00e9s j\u00f6vedelemforr\u00e1snak egyar\u00e1nt. Az udvaron h\u00e1rom k\u00fcl\u00f6n\u00e1ll\u00f3, kiadhat\u00f3 lak\u00f3egys\u00e9g \u00e9s egy gar\u00e1zs tal\u00e1lhat\u00f3.","images":[{"publicUrl":"https:\/\/api.haus.stage.tfirst.de\/fileadmin\/_processed_\/c\/d\/csm_exterior_e2e9de2c66.webp?1780778576","properties":{"title":"Az \u00e9p\u00fclet a bels\u0151 udvar fel\u0151l","alternative":"Az \u00e9p\u00fclet a bels\u0151 udvar fel\u0151l","description":null,"link":null,"linkData":null,"mimeType":"image\/webp","type":"image","filename":"csm_exterior_e2e9de2c66.webp","originalUrl":"\/fileadmin\/haus\/exterior.png","uidLocal":1,"fileReferenceUid":153,"size":"219 KB","dimensions":{"width":1387,"height":1134},"cropDimensions":{"width":1387,"height":1134},"crop":null,"autoplay":null,"extension":null},"srcset":[{"url":"https:\/\/api.haus.stage.tfirst.de\/fileadmin\/_processed_\/c\/d\/csm_exterior_4c39764b2e.webp","width":480},{"url":"https:\/\/api.haus.stage.tfirst.de\/fileadmin\/_processed_\/c\/d\/csm_exterior_f4405f743b.webp","width":768},{"url":"https:\/\/api.haus.stage.tfirst.de\/fileadmin\/_processed_\/c\/d\/csm_exterior_50c4b85bd6.webp","width":1280},{"url":"https:\/\/api.haus.stage.tfirst.de\/fileadmin\/_processed_\/c\/d\/csm_exterior_6edc56f2ec.webp","width":1387}]}],"ctaLabel":"Fedezze fel","ctaLink":{"href":"#gallery","target":null,"class":null,"title":null,"linkText":"Elad\u00f3 csal\u00e1di h\u00e1z G\u00f6d\u00f6ll\u0151n, Kertv\u00e1rosban","additionalAttributes":[]},"ctaIcon":"images","cta2Label":"Id\u0151pont egyeztet\u00e9s","cta2Link":{"href":"#contact","target":null,"class":null,"title":null,"linkText":"Elad\u00f3 csal\u00e1di h\u00e1z G\u00f6d\u00f6ll\u0151n, Kertv\u00e1rosban","additionalAttributes":[]},"cta2Icon":"calendar","scrollLabel":"G\u00f6rget\u00e9s"}},{"id":232,"type":"haussite_quickstats","colPos":0,"categories":"","appearance":{"layout":"default","frameClass":"default","spaceBefore":"","spaceAfter":""},"content":{"header":"","subheader":"","headerLayout":0,"headerPosition":"","headerLink":"","anchor":"overview","navTitle":"\u00c1ttekint\u00e9s","items":[{"id":506,"type":"stat","title":"","label":"Lak\u00f3t\u00e9r","value":"208 m\u00b2","value2":"","highlight":0,"text":"","entries":[]},{"id":507,"type":"stat","title":"","label":"Telek","value":"823 m\u00b2","value2":"","highlight":0,"text":"","entries":[]},{"id":508,"type":"stat","title":"","label":"Szoba","value":"4 + nappali","value2":"","highlight":0,"text":"","entries":[]},{"id":505,"type":"stat","title":"","label":"\u00c1r","value":"123 000 000 Ft","value2":"kb. 348 000 \u20ac","highlight":1,"text":"","entries":[]}]}},{"id":235,"type":"haussite_cards","colPos":0,"categories":"","appearance":{"layout":"default","frameClass":"default","spaceBefore":"","spaceAfter":""},"content":{"header":"Ami\u00e9rt \u00e9rdemes megn\u00e9zni","subheader":"Egy pillant\u00e1sra","headerLayout":0,"headerPosition":"","headerLink":"","anchor":"","navTitle":"","bodytext":"Stabil, t\u00e9gla\u00e9p\u00edt\u00e9s\u0171 h\u00e1z 1985-b\u0151l, kiv\u00e1l\u00f3 szerkezeti \u00e1llapotban, \u00e9s k\u00e9szen arra, hogy a saj\u00e1t \u00edzl\u00e9sedre form\u00e1ld.","items":[{"id":517,"type":"card","title":"T\u00e1gas terek","label":"","value":"","value2":"","highlight":0,"text":"208 m\u00b2 lak\u00f3t\u00e9r k\u00e9t szinten, 265 cm-es belmagass\u00e1ggal. Leveg\u0151s, j\u00f3l szabhat\u00f3 elrendez\u00e9s.","entries":["208 m\u00b2 lak\u00f3t\u00e9r k\u00e9t szinten, 265 cm-es belmagass\u00e1ggal. Leveg\u0151s, j\u00f3l szabhat\u00f3 elrendez\u00e9s."]},{"id":518,"type":"card","title":"Nagy, d\u00e9li telek","label":"","value":"","value2":"","highlight":0,"text":"823 m\u00b2 d\u00e9l-keleti t\u00e1jol\u00e1ssal, \u00e9rett kerttel, s\u00fct\u00f6get\u00e9sre \u00e9s gyerekj\u00e1t\u00e9kra is b\u0151ven hellyel.","entries":["823 m\u00b2 d\u00e9l-keleti t\u00e1jol\u00e1ssal, \u00e9rett kerttel, s\u00fct\u00f6get\u00e9sre \u00e9s gyerekj\u00e1t\u00e9kra is b\u0151ven hellyel."]},{"id":519,"type":"card","title":"H\u00e1rom k\u00fcl\u00f6n lakr\u00e9sz","label":"","value":"","value2":"","highlight":0,"text":"Az udvarban h\u00e1rom \u00f6n\u00e1ll\u00f3, szoba-konyha-f\u00fcrd\u0151s egys\u00e9g tal\u00e1lhat\u00f3 saj\u00e1t m\u00e9r\u0151\u00f3r\u00e1kkal, \u00edgy azonnali bev\u00e9telt jelentenek.","entries":["Az udvarban h\u00e1rom \u00f6n\u00e1ll\u00f3, szoba-konyha-f\u00fcrd\u0151s egys\u00e9g tal\u00e1lhat\u00f3 saj\u00e1t m\u00e9r\u0151\u00f3r\u00e1kkal, \u00edgy azonnali bev\u00e9telt jelentenek."]},{"id":520,"type":"card","title":"K\u00e9t fedett terasz","label":"","value":"","value2":"","highlight":0,"text":"Emeleti fedett, nyithat\u00f3 terasz, \u00e9s a f\u00f6ldszinti terasz is fedett, a kert fel\u00e9.","entries":["Emeleti fedett, nyithat\u00f3 terasz, \u00e9s a f\u00f6ldszinti terasz is fedett, a kert fel\u00e9."]},{"id":521,"type":"card","title":"T\u00e1gas gar\u00e1zs \u00e9s kis lak\u00e1s","label":"","value":"","value2":"","highlight":0,"text":"Fedett be\u00e1ll\u00f3 az udvarban, tov\u00e1bbi parkol\u00e1si lehet\u0151s\u00e9ggel. A gar\u00e1zs mellett \u00f6n\u00e1ll\u00f3 kis lak\u00e1s tal\u00e1lhat\u00f3 k\u00fcl\u00f6n bej\u00e1rattal.","entries":["Fedett be\u00e1ll\u00f3 az udvarban, tov\u00e1bbi parkol\u00e1si lehet\u0151s\u00e9ggel. A gar\u00e1zs mellett \u00f6n\u00e1ll\u00f3 kis lak\u00e1s tal\u00e1lhat\u00f3 k\u00fcl\u00f6n bej\u00e1rattal."]},{"id":522,"type":"card","title":"Modern komfort","label":"","value":"","value2":"","highlight":0,"text":"Elektromos red\u0151ny\u00f6k, g\u00e1zkaz\u00e1nos f\u0171t\u00e9s, teljes k\u00f6zm\u0171: v\u00edz, g\u00e1z, villany, csatorna, telefon\/internet.","entries":["Elektromos red\u0151ny\u00f6k, g\u00e1zkaz\u00e1nos f\u0171t\u00e9s, teljes k\u00f6zm\u0171: v\u00edz, g\u00e1z, villany, csatorna, telefon\/internet."]}]}},{"id":238,"type":"haussite_gallery","colPos":0,"categories":"","appearance":{"layout":"default","frameClass":"default","spaceBefore":"","spaceAfter":""},"content":{"header":"J\u00f6jjenek be!","subheader":"Gal\u00e9ria","headerLayout":0,"headerPosition":"","headerLink":"","anchor":"gallery","navTitle":"Gal\u00e9ria","bodytext":"Hagyja, hogy a k\u00e9pek hat\u00e1ssal legyenek \u00d6nre. A nyugodt bels\u0151 udvart\u00f3l a napf\u00e9nyes nappaliig l\u00e1that\u00f3, mennyi teret \u00e9s hangulatot k\u00edn\u00e1l ez az otthon.","images":[{"publicUrl":"https:\/\/api.haus.stage.tfirst.de\/fileadmin\/_processed_\/4\/6\/csm_street-front_d19365b193.webp?1780777978","properties":{"title":"Utcai homlokzat","alternative":"Utcai homlokzat","description":null,"link":null,"linkData":null,"mimeType":"image\/webp","type":"image","filename":"csm_street-front_d19365b193.webp","originalUrl":"\/fileadmin\/haus\/street-front.png","uidLocal":2,"fileReferenceUid":172,"size":"240 KB","dimensions":{"width":1600,"height":720},"cropDimensions":{"width":1600,"height":720},"crop":null,"autoplay":null,"extension":null},"srcset":[{"url":"https:\/\/api.haus.stage.tfirst.de\/fileadmin\/_processed_\/4\/6\/csm_street-front_43d00f5253.webp","width":480},{"url":"https:\/\/api.haus.stage.tfirst.de\/fileadmin\/_processed_\/4\/6\/csm_street-front_0137d57678.webp","width":768},{"url":"https:\/\/api.haus.stage.tfirst.de\/fileadmin\/_processed_\/4\/6\/csm_street-front_0bde2e59c6.webp","width":1280},{"url":"https:\/\/api.haus.stage.tfirst.de\/fileadmin\/_processed_\/4\/6\/csm_street-front_954d575e0e.webp","width":1600}]},{"publicUrl":"https:\/\/api.haus.stage.tfirst.de\/fileadmin\/_processed_\/c\/d\/csm_exterior_e2e9de2c66.webp?1780778576","properties":{"title":"Az \u00e9p\u00fclet a bels\u0151 udvar fel\u0151l","alternative":"Az \u00e9p\u00fclet a bels\u0151 udvar fel\u0151l","description":null,"link":null,"linkData":null,"mimeType":"image\/webp","type":"image","filename":"csm_exterior_e2e9de2c66.webp","originalUrl":"\/fileadmin\/haus\/exterior.png","uidLocal":1,"fileReferenceUid":173,"size":"219 KB","dimensions":{"width":1387,"height":1134},"cropDimensions":{"width":1387,"height":1134},"crop":null,"autoplay":null,"extension":null},"srcset":[{"url":"https:\/\/api.haus.stage.tfirst.de\/fileadmin\/_processed_\/c\/d\/csm_exterior_4c39764b2e.webp","width":480},{"url":"https:\/\/api.haus.stage.tfirst.de\/fileadmin\/_processed_\/c\/d\/csm_exterior_f4405f743b.webp","width":768},{"url":"https:\/\/api.haus.stage.tfirst.de\/fileadmin\/_processed_\/c\/d\/csm_exterior_50c4b85bd6.webp","width":1280},{"url":"https:\/\/api.haus.stage.tfirst.de\/fileadmin\/_processed_\/c\/d\/csm_exterior_6edc56f2ec.webp","width":1387}]},{"publicUrl":"https:\/\/api.haus.stage.tfirst.de\/fileadmin\/_processed_\/8\/8\/csm_kitchen_0e00a6599d.webp?1780619280","properties":{"title":"Konyha \u00e9tkez\u0151vel, kamr\u00e1val \u00e9s kij\u00e1rattal a teraszra","alternative":"Konyha \u00e9tkez\u0151vel, kamr\u00e1val \u00e9s kij\u00e1rattal a teraszra","description":null,"link":null,"linkData":null,"mimeType":"image\/webp","type":"image","filename":"csm_kitchen_0e00a6599d.webp","originalUrl":"\/fileadmin\/haus\/kitchen.png","uidLocal":3,"fileReferenceUid":174,"size":"171 KB","dimensions":{"width":1448,"height":1086},"cropDimensions":{"width":1448,"height":1086},"crop":null,"autoplay":null,"extension":null},"srcset":[{"url":"https:\/\/api.haus.stage.tfirst.de\/fileadmin\/_processed_\/8\/8\/csm_kitchen_a08c7fcca9.webp","width":480},{"url":"https:\/\/api.haus.stage.tfirst.de\/fileadmin\/_processed_\/8\/8\/csm_kitchen_0e5aa9d4b2.webp","width":768},{"url":"https:\/\/api.haus.stage.tfirst.de\/fileadmin\/_processed_\/8\/8\/csm_kitchen_800415340d.webp","width":1280},{"url":"https:\/\/api.haus.stage.tfirst.de\/fileadmin\/_processed_\/8\/8\/csm_kitchen_6de939c160.webp","width":1448}]},{"publicUrl":"https:\/\/api.haus.stage.tfirst.de\/fileadmin\/_processed_\/5\/a\/csm_living-stairs_ea89fba380.webp?1780619280","properties":{"title":"Nappali a l\u00e9pcs\u0151vel","alternative":"Nappali a l\u00e9pcs\u0151vel","description":null,"link":null,"linkData":null,"mimeType":"image\/webp","type":"image","filename":"csm_living-stairs_ea89fba380.webp","originalUrl":"\/fileadmin\/haus\/living-stairs.png","uidLocal":4,"fileReferenceUid":175,"size":"227 KB","dimensions":{"width":1448,"height":1086},"cropDimensions":{"width":1448,"height":1086},"crop":null,"autoplay":null,"extension":null},"srcset":[{"url":"https:\/\/api.haus.stage.tfirst.de\/fileadmin\/_processed_\/5\/a\/csm_living-stairs_801eb73ace.webp","width":480},{"url":"https:\/\/api.haus.stage.tfirst.de\/fileadmin\/_processed_\/5\/a\/csm_living-stairs_42bc8477ab.webp","width":768},{"url":"https:\/\/api.haus.stage.tfirst.de\/fileadmin\/_processed_\/5\/a\/csm_living-stairs_f0f5142f95.webp","width":1280},{"url":"https:\/\/api.haus.stage.tfirst.de\/fileadmin\/_processed_\/5\/a\/csm_living-stairs_aa9cdcecab.webp","width":1448}]},{"publicUrl":"https:\/\/api.haus.stage.tfirst.de\/fileadmin\/_processed_\/7\/5\/csm_fireplace_4387d968e3.webp?1780619280","properties":{"title":"Kandall\u00f3s nappali","alternative":"Kandall\u00f3s nappali","description":null,"link":null,"linkData":null,"mimeType":"image\/webp","type":"image","filename":"csm_fireplace_4387d968e3.webp","originalUrl":"\/fileadmin\/haus\/fireplace.png","uidLocal":5,"fileReferenceUid":176,"size":"239 KB","dimensions":{"width":1600,"height":815},"cropDimensions":{"width":1600,"height":815},"crop":null,"autoplay":null,"extension":null},"srcset":[{"url":"https:\/\/api.haus.stage.tfirst.de\/fileadmin\/_processed_\/7\/5\/csm_fireplace_4d5fc942b4.webp","width":480},{"url":"https:\/\/api.haus.stage.tfirst.de\/fileadmin\/_processed_\/7\/5\/csm_fireplace_68d440e202.webp","width":768},{"url":"https:\/\/api.haus.stage.tfirst.de\/fileadmin\/_processed_\/7\/5\/csm_fireplace_e53cfbfcd5.webp","width":1280},{"url":"https:\/\/api.haus.stage.tfirst.de\/fileadmin\/_processed_\/7\/5\/csm_fireplace_bcd8d82446.webp","width":1600}]},{"publicUrl":"https:\/\/api.haus.stage.tfirst.de\/fileadmin\/_processed_\/1\/9\/csm_bedroom_4db1258014.webp?1780619280","properties":{"title":"H\u00e1l\u00f3szoba (1. emelet)","alternative":"H\u00e1l\u00f3szoba (1. emelet)","description":null,"link":null,"linkData":null,"mimeType":"image\/webp","type":"image","filename":"csm_bedroom_4db1258014.webp","originalUrl":"\/fileadmin\/haus\/bedroom.png","uidLocal":6,"fileReferenceUid":177,"size":"190 KB","dimensions":{"width":1600,"height":900},"cropDimensions":{"width":1600,"height":900},"crop":null,"autoplay":null,"extension":null},"srcset":[{"url":"https:\/\/api.haus.stage.tfirst.de\/fileadmin\/_processed_\/1\/9\/csm_bedroom_d921371418.webp","width":480},{"url":"https:\/\/api.haus.stage.tfirst.de\/fileadmin\/_processed_\/1\/9\/csm_bedroom_6ac171a093.webp","width":768},{"url":"https:\/\/api.haus.stage.tfirst.de\/fileadmin\/_processed_\/1\/9\/csm_bedroom_adaa1ccb76.webp","width":1280},{"url":"https:\/\/api.haus.stage.tfirst.de\/fileadmin\/_processed_\/1\/9\/csm_bedroom_9060dd1a4a.webp","width":1600}]},{"publicUrl":"https:\/\/api.haus.stage.tfirst.de\/fileadmin\/_processed_\/e\/0\/csm_terrace_2f511c8bc2.webp?1780619280","properties":{"title":"T\u00e9likert (1. emelet), \u00e1tj\u00e1r\u00e1s a fitneszterembe \u00e9s vend\u00e9gszob\u00e1ba","alternative":"T\u00e9likert (1. emelet), \u00e1tj\u00e1r\u00e1s a fitneszterembe \u00e9s vend\u00e9gszob\u00e1ba","description":null,"link":null,"linkData":null,"mimeType":"image\/webp","type":"image","filename":"csm_terrace_2f511c8bc2.webp","originalUrl":"\/fileadmin\/haus\/terrace.png","uidLocal":7,"fileReferenceUid":178,"size":"143 KB","dimensions":{"width":1600,"height":721},"cropDimensions":{"width":1600,"height":721},"crop":null,"autoplay":null,"extension":null},"srcset":[{"url":"https:\/\/api.haus.stage.tfirst.de\/fileadmin\/_processed_\/e\/0\/csm_terrace_c426f5021a.webp","width":480},{"url":"https:\/\/api.haus.stage.tfirst.de\/fileadmin\/_processed_\/e\/0\/csm_terrace_902c163da6.webp","width":768},{"url":"https:\/\/api.haus.stage.tfirst.de\/fileadmin\/_processed_\/e\/0\/csm_terrace_aac9fa5e0c.webp","width":1280},{"url":"https:\/\/api.haus.stage.tfirst.de\/fileadmin\/_processed_\/e\/0\/csm_terrace_54593e7c1f.webp","width":1600}]},{"publicUrl":"https:\/\/api.haus.stage.tfirst.de\/fileadmin\/_processed_\/7\/2\/csm_bathroom_a84d64e81c.webp?1780619280","properties":{"title":"F\u00fcrd\u0151szoba (f\u00f6ldszint)","alternative":"F\u00fcrd\u0151szoba (f\u00f6ldszint)","description":null,"link":null,"linkData":null,"mimeType":"image\/webp","type":"image","filename":"csm_bathroom_a84d64e81c.webp","originalUrl":"\/fileadmin\/haus\/bathroom.png","uidLocal":8,"fileReferenceUid":179,"size":"93 KB","dimensions":{"width":1594,"height":987},"cropDimensions":{"width":1594,"height":987},"crop":null,"autoplay":null,"extension":null},"srcset":[{"url":"https:\/\/api.haus.stage.tfirst.de\/fileadmin\/_processed_\/7\/2\/csm_bathroom_dc100cc43c.webp","width":480},{"url":"https:\/\/api.haus.stage.tfirst.de\/fileadmin\/_processed_\/7\/2\/csm_bathroom_ebad5702e9.webp","width":768},{"url":"https:\/\/api.haus.stage.tfirst.de\/fileadmin\/_processed_\/7\/2\/csm_bathroom_3e2b7837b7.webp","width":1280},{"url":"https:\/\/api.haus.stage.tfirst.de\/fileadmin\/_processed_\/7\/2\/csm_bathroom_070fcaa47f.webp","width":1594}]},{"publicUrl":"https:\/\/api.haus.stage.tfirst.de\/fileadmin\/_processed_\/9\/7\/csm_street_0f9511f1ef.webp?1780777978","properties":{"title":"Csendes utca, parkol\u00e1ssal","alternative":"Csendes utca, parkol\u00e1ssal","description":null,"link":null,"linkData":null,"mimeType":"image\/webp","type":"image","filename":"csm_street_0f9511f1ef.webp","originalUrl":"\/fileadmin\/haus\/street.png","uidLocal":9,"fileReferenceUid":180,"size":"312 KB","dimensions":{"width":1600,"height":900},"cropDimensions":{"width":1600,"height":900},"crop":null,"autoplay":null,"extension":null},"srcset":[{"url":"https:\/\/api.haus.stage.tfirst.de\/fileadmin\/_processed_\/9\/7\/csm_street_0742661e8f.webp","width":480},{"url":"https:\/\/api.haus.stage.tfirst.de\/fileadmin\/_processed_\/9\/7\/csm_street_c4a8a124b8.webp","width":768},{"url":"https:\/\/api.haus.stage.tfirst.de\/fileadmin\/_processed_\/9\/7\/csm_street_766f4c590b.webp","width":1280},{"url":"https:\/\/api.haus.stage.tfirst.de\/fileadmin\/_processed_\/9\/7\/csm_street_4eef3992b4.webp","width":1600}]}]}},{"id":241,"type":"haussite_story","colPos":0,"categories":"","appearance":{"layout":"default","frameClass":"default","spaceBefore":"","spaceAfter":""},"content":{"header":"T\u00f6bb, mint egy h\u00e1z: egy teljes lehet\u0151s\u00e9g","subheader":"A h\u00e1zr\u00f3l","headerLayout":0,"headerPosition":"","headerLink":"","anchor":"","navTitle":"","bodytext":"<p>G\u00f6d\u00f6ll\u0151 egyik csendes, parkos utc\u00e1j\u00e1ban tal\u00e1lhat\u00f3 ez a k\u00e9tszintes, t\u00e9gla\u00e9p\u00edt\u00e9s\u0171 csal\u00e1di h\u00e1z. A f\u0151\u00e9p\u00fcletben n\u00e9gy szoba, nappali-el\u0151szoba, \u00e9tkez\u0151 \u00e9s konyha, valamint k\u00e9t f\u00fcrd\u0151szoba tal\u00e1lhat\u00f3. A f\u00f6ldszinti nappaliban egy kandall\u00f3 gondoskodik a hangulatos, meleg l\u00e9gk\u00f6rr\u0151l.<\/p>\n<p>A k\u00fcl\u00f6nlegess\u00e9g: az udvaron h\u00e1rom tov\u00e1bbi, \u00f6n\u00e1ll\u00f3 szoba-konyha-f\u00fcrd\u0151szoba egys\u00e9g tal\u00e1lhat\u00f3, amelyek jelenleg b\u00e9rbe vannak adva. \u00cdgy a h\u00e1z egyszerre szolg\u00e1l a csal\u00e1d otthonak\u00e9nt \u00e9s folyamatos bev\u00e9teli forr\u00e1sk\u00e9nt.<\/p>\n<p>Az \u00e9p\u00fclet szerkezete kiv\u00e1l\u00f3 \u00e1llapotban van, \u00e9s fel\u00faj\u00edt\u00e1ssal, moderniz\u00e1l\u00e1ssal teljes m\u00e9rt\u00e9kben az \u00d6n ig\u00e9nyeihez igaz\u00edthat\u00f3.<\/p>","boxTitle":"A h\u00e1z felszerelts\u00e9ge","boxText":"<ul><li data-list-item-id=\"eaf5b4189af5269068af645e7d6324cd9\">4 szoba, el\u0151szoba, \u00e9tkez\u0151 \u00e9s konyha<\/li><li data-list-item-id=\"eb96b5d68409ab2dd8aad6033ad4b3259\">Kandall\u00f3 a f\u00f6ldszinti nappaliban<\/li><li data-list-item-id=\"e6404c8e23bbe296ecd2d01f363eddf3f\">K\u00e9t f\u00fcrd\u0151szoba, a f\u00f6ldszinten k\u00e1ddal, az 1. emeleten zuhanyz\u00f3val<\/li><li data-list-item-id=\"ee3857ce2554dfe4ff9048dcbd8f47e5a\">K\u00e9t fedett terasz, fel\u00fcl nyithat\u00f3, alul a kertre ny\u00edl\u00f3<\/li><li data-list-item-id=\"e494774f8b1610da5d7a29757d45b5e98\">Elektromos red\u0151ny\u00f6s ablakok<\/li><li data-list-item-id=\"e3a83c77b2ea41b1cdee4e7cafefdda79\">K\u00fcl\u00f6n f\u0171t\u0151helyis\u00e9g, g\u00e1zkaz\u00e1nos f\u0171t\u00e9s<\/li><li data-list-item-id=\"e59559ac1663b40483d1b200cbce5e70a\">H\u00e1rom k\u00fcl\u00f6n\u00e1ll\u00f3 szoba-konyha-f\u00fcrd\u0151szoba \u00e9p\u00fclet<\/li><li data-list-item-id=\"ef911596c29a9fb947aa04c66ca280233\">Gar\u00e1zs az udvaron, tov\u00e1bbi parkol\u00e1si lehet\u0151s\u00e9gek<\/li><li data-list-item-id=\"e6f109eae987da7fcb1be1d85fbae6a25\">Alkonylak\u00e1s a gar\u00e1zs mellett<\/li><li data-list-item-id=\"e2e379ae2dcfa69587d7430e71480199e\">Teljesen bek\u00f6tve, saj\u00e1t fogyaszt\u00e1sm\u00e9r\u0151k<\/li><\/ul>"}},{"id":244,"type":"haussite_techdata","colPos":0,"categories":"","appearance":{"layout":"default","frameClass":"default","spaceBefore":"","spaceAfter":""},"content":{"header":"Az \u00f6sszes sz\u00e1m egy pillanat alatt","subheader":"M\u0171szaki adatok","headerLayout":0,"headerPosition":"","headerLink":"","anchor":"details","navTitle":"Adatok","items":[{"id":535,"type":"row","title":"","label":"Lak\u00f3ter\u00fclet","value":"208 m\u00b2","value2":"","highlight":0,"text":"","entries":[]},{"id":536,"type":"row","title":"","label":"Brutt\u00f3 ter\u00fclet","value":"260 m\u00b2","value2":"","highlight":0,"text":"","entries":[]},{"id":537,"type":"row","title":"","label":"Telek m\u00e9rete","value":"823 m\u00b2","value2":"","highlight":0,"text":"","entries":[]},{"id":538,"type":"row","title":"","label":"Szob\u00e1k","value":"4 + nappali","value2":"","highlight":0,"text":"","entries":[]},{"id":539,"type":"row","title":"","label":"F\u00fcrd\u0151szoba","value":"2","value2":"","highlight":0,"text":"","entries":[]},{"id":540,"type":"row","title":"","label":"\u00c9p\u00edt\u00e9s \u00e9ve","value":"1985","value2":"","highlight":0,"text":"","entries":[]},{"id":541,"type":"row","title":"","label":"\u00c9p\u00edt\u00e9si m\u00f3d","value":"T\u00e9gla","value2":"","highlight":0,"text":"","entries":[]},{"id":542,"type":"row","title":"","label":"F\u0171t\u00e9s","value":"G\u00e1zkaz\u00e1n","value2":"","highlight":0,"text":"","entries":[]},{"id":543,"type":"row","title":"","label":"Belmagass\u00e1g","value":"265 cm","value2":"","highlight":0,"text":"","entries":[]},{"id":544,"type":"row","title":"","label":"T\u00e1jol\u00e1s","value":"D\u00e9l-kelet","value2":"","highlight":0,"text":"","entries":[]},{"id":545,"type":"row","title":"","label":"Terasz","value":"12,1 m\u00b2","value2":"","highlight":0,"text":"","entries":[]},{"id":546,"type":"row","title":"","label":"Szintek sz\u00e1ma","value":"2","value2":"","highlight":0,"text":"","entries":[]},{"id":547,"type":"row","title":"","label":"Gar\u00e1zs","value":"1","value2":"","highlight":0,"text":"","entries":[]},{"id":548,"type":"row","title":"","label":"K\u00f6zm\u0171vek","value":"V\u00edz \u00b7 g\u00e1z \u00b7 villany \u00b7 csatorna \u00b7 telefon\/internet","value2":"","highlight":0,"text":"","entries":[]}],"boxTitle":"A f\u0151\u00e9p\u00fclet helyis\u00e9gei","chips":["Nappali kandall\u00f3val (F\u00f6ldszint)","Konyha (F\u00f6ldszint)","\u00c9tkez\u0151 (F\u00f6ldszint)","H\u00e1l\u00f3szoba (Emelet)","Gyerek-\/ifj\u00fas\u00e1gi szoba (Emelet)","Vend\u00e9gszoba (Emelet)","Fitnessterem (Emelet)","Terasz (1. emelet)","F\u00fcrd\u0151szoba-WC (F\u00f6ldszint)","Zuhanyz\u00f3-WC (1. emelet)","Kamra (F\u00f6ldszint)","F\u0171t\u0151helyis\u00e9g (F\u00f6ldszint)"]}},{"id":247,"type":"haussite_cards","colPos":0,"categories":"","appearance":{"layout":"default","frameClass":"default","spaceBefore":"","spaceAfter":""},"content":{"header":"G\u00f6d\u00f6ll\u0151, nyugalom Budapest k\u00f6zel\u00e9ben","subheader":"K\u00f6rny\u00e9k","headerLayout":0,"headerPosition":"","headerLink":"","anchor":"location","navTitle":"K\u00f6rny\u00e9k","bodytext":"Csendes, bar\u00e1ts\u00e1gos kertv\u00e1rosi utca, kiv\u00e1l\u00f3 k\u00f6zleked\u00e9ssel \u00e9s minden sz\u00fcks\u00e9ges szolg\u00e1ltat\u00e1ssal karny\u00fajt\u00e1snyira.","items":[{"id":577,"type":"card","title":"Csal\u00e1d\u00adbar\u00e1t k\u00f6rny\u00e9k","label":"","value":"","value2":"","highlight":0,"text":"Iskola, \u00f3voda, j\u00e1tsz\u00f3t\u00e9r \u00e9s bolt n\u00e9h\u00e1ny perc s\u00e9t\u00e1ra. Nyugodt, biztons\u00e1gos utca.","entries":["Iskola, \u00f3voda, j\u00e1tsz\u00f3t\u00e9r \u00e9s bolt n\u00e9h\u00e1ny perc s\u00e9t\u00e1ra. Nyugodt, biztons\u00e1gos utca."]},{"id":578,"type":"card","title":"Kiv\u00e1l\u00f3 k\u00f6zleked\u00e9s","label":"","value":"","value2":"","highlight":0,"text":"Az M3 aut\u00f3p\u00e1lya, a H\u00c9V \u00e9s a buszj\u00e1ratok r\u00e9v\u00e9n Budapest gyorsan \u00e9s k\u00e9nyelmesen el\u00e9rhet\u0151.","entries":["Az M3 aut\u00f3p\u00e1lya, a H\u00c9V \u00e9s a buszj\u00e1ratok r\u00e9v\u00e9n Budapest gyorsan \u00e9s k\u00e9nyelmesen el\u00e9rhet\u0151."]},{"id":579,"type":"card","title":"Z\u00f6ld kertv\u00e1ros","label":"","value":"","value2":"","highlight":0,"text":"G\u00f6d\u00f6ll\u0151 egyik csendes, kertv\u00e1rosi r\u00e9sze \u00e9rett f\u00e1kkal, rendezett k\u00f6rnyezettel.","entries":["G\u00f6d\u00f6ll\u0151 egyik csendes, kertv\u00e1rosi r\u00e9sze \u00e9rett f\u00e1kkal, rendezett k\u00f6rnyezettel."]}]}},{"id":250,"type":"haussite_city","colPos":0,"categories":"","appearance":{"layout":"default","frameClass":"default","spaceBefore":"","spaceAfter":""},"content":{"header":"G\u00f6d\u00f6ll\u0151, kir\u00e1lyi v\u00e1ros Budapest k\u00f6zel\u00e9ben","subheader":"A v\u00e1ros","headerLayout":0,"headerPosition":"","headerLink":"","anchor":"","navTitle":"","bodytext":"<p>G\u00f6d\u00f6ll\u0151 Budapestt\u0151l k\u00f6r\u00fclbel\u00fcl 30 km-re \u00e9szakkeletre fekszik, k\u00f6nnyen megk\u00f6zel\u00edthet\u0151, ugyanakkor egy csendes, z\u00f6ld kisv\u00e1ros. Legismertebb nevezetess\u00e9ge a barokk Kir\u00e1lyi Palota, amely egykor Sisi kir\u00e1lyn\u00e9 kedvenc rezidenci\u00e1ja volt, ma pedig Magyarorsz\u00e1g legnagyobb barokk palot\u00e1ja.<\/p>\n<p>Az egyetem, a kast\u00e9lypark \u00e9s az arbor\u00e9tum, a gondozott belv\u00e1ros, az iskol\u00e1k, az \u00f3vod\u00e1k \u00e9s a soksz\u00edn\u0171 bev\u00e1s\u00e1rl\u00e1si lehet\u0151s\u00e9gek jellemzik a v\u00e1rost. H\u00c9V-vel, vonattal \u00e9s az M3-as aut\u00f3p\u00e1ly\u00e1n kereszt\u00fcl a f\u0151v\u00e1ros \u00e9s a Hungaroring is n\u00e9h\u00e1ny perc alatt el\u00e9rhet\u0151.<\/p><ul><li data-list-item-id=\"e0aa7644cc46a42ee4197437aa90b12ca\">Fiatal, \u00e9l\u00e9nk egyetemv\u00e1ros (MATE Egyetem)<\/li><li data-list-item-id=\"e24812935d883cfab2c88b144c7c8ae03\">Sisi kir\u00e1lyn\u00e9 egykori rezidenci\u00e1ja, gazdag kultur\u00e1lis \u00e9let<\/li><li data-list-item-id=\"e455eebf00627b20c5062d853dd446d40\">Biztons\u00e1gos, z\u00f6ld kisv\u00e1ros, mintegy 32 000 lakossal<\/li><\/ul>","boxTitle":"T\u00e1vols\u00e1gok","items":[{"id":586,"type":"row","title":"","label":"V\u00e1rosk\u00f6zpont","value":"kb. 2 km","value2":"","highlight":0,"text":"","entries":[]},{"id":587,"type":"row","title":"","label":"Kir\u00e1lyi Kast\u00e9ly & park","value":"kb. 2,5 km","value2":"","highlight":0,"text":"","entries":[]},{"id":588,"type":"row","title":"","label":"Bev\u00e1s\u00e1rl\u00e1s, \u00fczletek","value":"kb. 5 perc","value2":"","highlight":0,"text":"","entries":[]},{"id":589,"type":"row","title":"","label":"H\u00c9V \/ vas\u00fat\u00e1llom\u00e1s","value":"kb. 1,5 km","value2":"","highlight":0,"text":"","entries":[]},{"id":590,"type":"row","title":"","label":"M3 aut\u00f3p\u00e1lya","value":"kb. 5 perc","value2":"","highlight":0,"text":"","entries":[]},{"id":591,"type":"row","title":"","label":"Budapest belv\u00e1ros","value":"kb. 30 km","value2":"","highlight":0,"text":"","entries":[]},{"id":592,"type":"row","title":"","label":"Hungaroring","value":"kb. 10 km","value2":"","highlight":0,"text":"","entries":[]},{"id":593,"type":"row","title":"","label":"Liszt Ferenc rept\u00e9r","value":"kb. 35 km","value2":"","highlight":0,"text":"","entries":[]}],"note":"A t\u00e1vols\u00e1gok becs\u00fclt \u00e9rt\u00e9kek."}},{"id":253,"type":"haussite_map","colPos":0,"categories":"","appearance":{"layout":"default","frameClass":"default","spaceBefore":"","spaceAfter":""},"content":{"header":"G\u00f6d\u00f6ll\u0151, Kertv\u00e1ros \u2013 t\u00e9rk\u00e9p","subheader":"","headerLayout":0,"headerPosition":"","headerLink":"","anchor":"","navTitle":"","bbox":"19.34056,47.60385,19.35856,47.61505","note":"Hozz\u00e1vet\u0151leges elhelyezked\u00e9s G\u00f6d\u00f6ll\u0151 kertv\u00e1rosi r\u00e9sz\u00e9n. A pontos c\u00edmet megtekint\u00e9skor adjuk meg.","consent":"<p>Adatai v\u00e9delme \u00e9rdek\u00e9ben a t\u00e9rk\u00e9p csak kattint\u00e1sra t\u00f6lt\u0151dik be. Ekkor adatok (k\u00f6zt\u00fck az \u00d6n IP-c\u00edme) ker\u00fclnek tov\u00e1bb\u00edt\u00e1sra az OpenStreetMap fel\u00e9. R\u00e9szletek az <a href=\"https:\/\/haus.stage.tfirst.de\/adatvedelem\">adatv\u00e9delmi t\u00e1j\u00e9koztat\u00f3ban<\/a>.<\/p>"}},{"id":256,"type":"haussite_lifecards","colPos":0,"categories":"","appearance":{"layout":"default","frameClass":"default","spaceBefore":"","spaceAfter":""},"content":{"header":"\u00c9let G\u00f6d\u00f6ll\u0151n","subheader":"\u00c9let a v\u00e1rosban","headerLayout":0,"headerPosition":"","headerLink":"","anchor":"life","navTitle":"\u00c9let","bodytext":"A kult\u00fara, a term\u00e9szet, a sport \u00e9s a gasztron\u00f3mia G\u00f6d\u00f6ll\u0151t nem csup\u00e1n lak\u00f3hely\u00e9v\u00e9, hanem egy \u00e9let\u00e9rz\u00e9ss\u00e9 is teszi. A barokk kast\u00e9lyt\u00f3l a hatalmas kast\u00e9lyparkon \u00e1t a k\u00e1v\u00e9z\u00f3kig, a piacokig \u00e9s az egyetem pezsg\u0151 di\u00e1k\u00e9let\u00e9ig itt eg\u00e9sz \u00e9vben van mit csin\u00e1lni. Aki szereti a term\u00e9szetet, erd\u0151ket, fut\u00f3p\u00e1ly\u00e1kat \u00e9s kir\u00e1ndul\u00f3helyeket tal\u00e1l k\u00f6zvetlen\u00fcl a h\u00e1z ajtaja el\u0151tt, m\u00edg Budapest \u00e9s a Hungaroring p\u00e1r perc alatt el\u00e9rhet\u0151.","items":[{"id":610,"type":"listcard","title":"Kult\u00fara \u00e9s \u00f6r\u00f6ks\u00e9g","label":"","value":"","value2":"","highlight":0,"text":"Barokk kir\u00e1lyi palota, egykor Sisi rezidenci\u00e1ja, ki\u00e1ll\u00edt\u00e1sokkal \u00e9s koncertekkel\nBarokk sz\u00ednh\u00e1z, Magyarorsz\u00e1g egyetlen ilyen t\u00edpus\u00fa d\u00edszletes sz\u00ednh\u00e1za\nM\u0171v\u00e9szeti H\u00e1z, V\u00e1rosi M\u00fazeum \u00e9s a szecesszi\u00f3s GIM M\u0171v\u00e9szh\u00e1z","entries":["Barokk kir\u00e1lyi palota, egykor Sisi rezidenci\u00e1ja, ki\u00e1ll\u00edt\u00e1sokkal \u00e9s koncertekkel","Barokk sz\u00ednh\u00e1z, Magyarorsz\u00e1g egyetlen ilyen t\u00edpus\u00fa d\u00edszletes sz\u00ednh\u00e1za","M\u0171v\u00e9szeti H\u00e1z, V\u00e1rosi M\u00fazeum \u00e9s a szecesszi\u00f3s GIM M\u0171v\u00e9szh\u00e1z"]},{"id":611,"type":"listcard","title":"Term\u00e9szet \u00e9s mozg\u00e1s","label":"","value":"","value2":"","highlight":0,"text":"G\u00f6d\u00f6ll\u0151i Arbor\u00e9tum, az orsz\u00e1g legnagyobbja (350 hekt\u00e1r)\nErd\u0151fut\u00f3p\u00e1lya, szabadt\u00e9ri fitnesz \u00e9s kerti s\u00fct\u0151helyek\nKutyabar\u00e1t \u00f6sv\u00e9nyek, dombos z\u00f6ldter\u00fcletek","entries":["G\u00f6d\u00f6ll\u0151i Arbor\u00e9tum, az orsz\u00e1g legnagyobbja (350 hekt\u00e1r)","Erd\u0151fut\u00f3p\u00e1lya, szabadt\u00e9ri fitnesz \u00e9s kerti s\u00fct\u0151helyek","Kutyabar\u00e1t \u00f6sv\u00e9nyek, dombos z\u00f6ldter\u00fcletek"]},{"id":612,"type":"listcard","title":"Sport \u00e9s szabadid\u0151s programok a k\u00f6zelben","label":"","value":"","value2":"","highlight":0,"text":"Hungaroring (Forma-1)\nAquar\u00e9na v\u00edzi vid\u00e1mpark 28 cs\u00faszd\u00e1val \u00e9s 9 medenc\u00e9vel\nL\u00e1z\u00e1r Lovaspark, Domonyv\u00f6lgy\nG\u00f6d\u00f6ll\u0151i rep\u00fcl\u0151t\u00e9r","entries":["Hungaroring (Forma-1)","Aquar\u00e9na v\u00edzi vid\u00e1mpark 28 cs\u00faszd\u00e1val \u00e9s 9 medenc\u00e9vel","L\u00e1z\u00e1r Lovaspark, Domonyv\u00f6lgy","G\u00f6d\u00f6ll\u0151i rep\u00fcl\u0151t\u00e9r"]},{"id":613,"type":"listcard","title":"Gasztron\u00f3mia \u00e9s v\u00e1rosi \u00e9let","label":"","value":"","value2":"","highlight":0,"text":"\u00c9ttermek \u00e9s k\u00e1v\u00e9z\u00f3k a f\u0151t\u00e9ren \u00e9s a kast\u00e9ly k\u00f6zel\u00e9ben\nFiatal, \u00e9l\u00e9nk egyetemi v\u00e1ros (MATE Egyetem)\nBoltok, piac, iskol\u00e1k \u00e9s \u00f3vod\u00e1k a k\u00f6zelben","entries":["\u00c9ttermek \u00e9s k\u00e1v\u00e9z\u00f3k a f\u0151t\u00e9ren \u00e9s a kast\u00e9ly k\u00f6zel\u00e9ben","Fiatal, \u00e9l\u00e9nk egyetemi v\u00e1ros (MATE Egyetem)","Boltok, piac, iskol\u00e1k \u00e9s \u00f3vod\u00e1k a k\u00f6zelben"]}]}},{"id":259,"type":"haussite_investment","colPos":0,"categories":"","appearance":{"layout":"default","frameClass":"default","spaceBefore":"","spaceAfter":""},"content":{"header":"Otthon \u00e9s bev\u00e9tel egyben","subheader":"A lehet\u0151s\u00e9g","headerLayout":0,"headerPosition":"","headerLink":"","anchor":"investment","navTitle":"","bodytext":"A f\u0151\u00e9p\u00fclet mellett h\u00e1rom \u00f6n\u00e1ll\u00f3 lakr\u00e9sz tal\u00e1lhat\u00f3, amely v\u00e1llalkoz\u00f3knak, befektet\u0151knek \u00e9s nagycsal\u00e1doknak egyar\u00e1nt ide\u00e1lis.","items":[{"id":622,"type":"stat","title":"","label":"\u00f6n\u00e1ll\u00f3 lak\u00e1sc\u00e9l\u00fa egys\u00e9g a telken","value":"4","value2":"","highlight":0,"text":"","entries":[]},{"id":623,"type":"stat","title":"","label":"jelenleg b\u00e9rbe adott lakr\u00e9sz","value":"3","value2":"","highlight":0,"text":"","entries":[]},{"id":624,"type":"stat","title":"","label":"telek, parkol\u00e1si lehet\u0151s\u00e9ggel","value":"823 m\u00b2","value2":"","highlight":0,"text":"","entries":[]}],"boxTitle":"Mi\u00e9rt j\u00f3 befektet\u00e9s?","boxText":"<ul><li>K\u00fcl\u00f6n m\u00e9r\u0151\u00f3r\u00e1k minden egys\u00e9ghez<\/li><li>Tov\u00e1bbi parkol\u00e1si lehet\u0151s\u00e9g az udvarban<\/li><li>K\u00f6nny\u0171 megk\u00f6zel\u00edthet\u0151s\u00e9g az M3-on, a H\u00c9V-en \u00e9s busszal<\/li><\/ul>"}},{"id":262,"type":"haussite_contact","colPos":0,"categories":"","appearance":{"layout":"default","frameClass":"default","spaceBefore":"","spaceAfter":""},"content":{"header":"Foglalj id\u0151pontot egy megtekint\u00e9sre","subheader":"Kapcsolat","headerLayout":0,"headerPosition":"","headerLink":"","anchor":"contact","navTitle":"","bodytext":"Mag\u00e1nszem\u00e9lyk\u00e9nt hirdetj\u00fck, \u00e9s minden komoly \u00e9rdekl\u0151d\u00e9snek \u00f6r\u00fcl\u00fcnk. \u00cdrj vagy h\u00edvj minket bizalommal, \u00e9s \u00f6r\u00f6mmel megmutatjuk szem\u00e9lyesen a h\u00e1zat. Sz\u00edvesen v\u00e1laszolunk el\u0151zetesen is a felszerelts\u00e9ggel, a k\u00f6rny\u00e9kkel \u00e9s a kiadhat\u00f3 lakr\u00e9szekkel kapcsolatos k\u00e9rd\u00e9sekre, \u00e9s egyeztet\u00fcnk egy megfelel\u0151 id\u0151pontot a megtekint\u00e9sre.","formLink":{"href":"https:\/\/haus.stage.tfirst.de\/?tx_form_formframework%5Baction%5D=perform&tx_form_formframework%5Bcontroller%5D=FormFrontend&cHash=6adf15f79816318d36b3398ac3d01472","target":null,"class":null,"title":null,"linkText":"Elad\u00f3 csal\u00e1di h\u00e1z G\u00f6d\u00f6ll\u0151n, Kertv\u00e1rosban","additionalAttributes":[]},"form":{"id":"contact-262","api":{"status":null,"errors":null,"actionAfterSuccess":null,"page":{"current":0,"nextPage":null,"pages":1}},"i18n":{"submitButtonLabel":"\u00dczenet k\u00fcld\u00e9se","sentMessage":"K\u00f6sz\u00f6nj\u00fck! Hamarosan jelentkez\u00fcnk."},"elements":[{"type":"Text","identifier":"firstname","label":"Keresztn\u00e9v","properties":{"fluidAdditionalAttributes":{"placeholder":"A keresztneved","required":"required"}},"validators":[{"identifier":"NotEmpty"},{"identifier":"StringLength","options":{"maximum":100}}],"defaultValue":"","value":null,"name":"tx_form_formframework[contact-262][firstname]"},{"type":"Text","identifier":"lastname","label":"Vezet\u00e9kn\u00e9v","properties":{"fluidAdditionalAttributes":{"placeholder":"A vezet\u00e9kneved","required":"required"}},"validators":[{"identifier":"NotEmpty"},{"identifier":"StringLength","options":{"maximum":100}}],"defaultValue":"","value":null,"name":"tx_form_formframework[contact-262][lastname]"},{"type":"Email","identifier":"email","label":"E-mail","properties":{"fluidAdditionalAttributes":{"placeholder":"email@pelda.hu","required":"required"}},"validators":[{"identifier":"NotEmpty"},{"identifier":"EmailAddress"}],"defaultValue":"","value":null,"name":"tx_form_formframework[contact-262][email]"},{"type":"Telephone","identifier":"phone","label":"Telefon","properties":{"fluidAdditionalAttributes":{"placeholder":"+36 \u2026"}},"defaultValue":"","value":null,"name":"tx_form_formframework[contact-262][phone]"},{"type":"Text","identifier":"viewingdate","label":"Megtekint\u00e9s k\u00edv\u00e1nt id\u0151pontja","properties":{"datepicker":true,"fluidAdditionalAttributes":{"placeholder":"\u00c9\u00c9\u00c9\u00c9. HH. NN."}},"defaultValue":"","value":null,"name":"tx_form_formframework[contact-262][viewingdate]"},{"type":"Textarea","identifier":"message","label":"\u00dczenet","properties":{"fluidAdditionalAttributes":{"placeholder":"K\u00e9rd\u00e9sei vagy megjegyz\u00e9sei a h\u00e1zzal kapcsolatban\u2026"}},"defaultValue":"","value":null,"name":"tx_form_formframework[contact-262][message]"},{"type":"Checkbox","identifier":"privacy","label":"Elolvastam \u00e9s elfogadom az <a href=\"\/adatvedelem\" target=\"_blank\" rel=\"noopener\">adatv\u00e9delmi t\u00e1j\u00e9koztat\u00f3t<\/a>.","validators":[{"identifier":"NotEmpty"}],"defaultValue":"","value":null,"properties":[],"name":"tx_form_formframework[contact-262][privacy]"},{"type":"Altcha","identifier":"altcha","label":"Spamv\u00e9delem","renderingOptions":{"doNotShowLabel":true},"validators":[{"identifier":"Altcha"}],"defaultValue":"","value":null,"properties":[],"name":"tx_form_formframework[contact-262][altcha]"},{"properties":{"containerClassAttribute":"input","elementClassAttribute":"","elementErrorClassAttribute":"error","renderAsHiddenField":"","styleAttribute":"position:absolute; margin:0 0 0 -999em;"},"type":"Honeypot","identifier":"2vu8BoNpX3WQsMKz","label":"","defaultValue":"","value":null,"name":"tx_form_formframework[contact-262][2vu8BoNpX3WQsMKz]"},{"properties":[],"type":"Hidden","identifier":"__currentPage","defaultValue":1,"label":"","value":null,"name":"tx_form_formframework[contact-262][__currentPage]"},{"properties":[],"type":"Hidden","identifier":"__trustedProperties","defaultValue":"{\"contact-262\":{\"firstname\":1,\"lastname\":1,\"email\":1,\"phone\":1,\"viewingdate\":1,\"message\":1,\"privacy\":1,\"altcha\":1,\"2vu8BoNpX3WQsMKz\":1,\"__currentPage\":1}}61fff1bb758fe7a8831ba32fd201da4c13ee93d0","label":"","value":null,"name":"tx_form_formframework[contact-262][__trustedProperties]"},{"properties":[],"type":"Hidden","identifier":"__state","defaultValue":"TzozOToiVFlQTzNcQ01TXEZvcm1cRG9tYWluXFJ1bnRpbWVcRm9ybVN0YXRlIjoyOntzOjI1OiIAKgBsYXN0RGlzcGxheWVkUGFnZUluZGV4IjtpOjA7czoxMzoiACoAZm9ybVZhbHVlcyI7YTowOnt9fQ==9deb774209d48aaef4a35af746aeb65fc2aadfb7","label":"","value":null,"name":"tx_form_formframework[contact-262][__state]"}]}}}]},"i18n":[{"languageId":0,"locale":"de_DE.UTF-8","title":"Deutsch","navigationTitle":"Deutsch","twoLetterIsoCode":"de","hreflang":"de-DE","direction":"ltr","flag":"flags-de","link":"https:\/\/haus.stage.tfirst.de\/de\/","active":0,"current":0,"available":1},{"languageId":1,"locale":"en_US.UTF-8","title":"English","navigationTitle":"English","twoLetterIsoCode":"en","hreflang":"en","direction":"ltr","flag":"flags-gb","link":"https:\/\/haus.stage.tfirst.de\/en\/","active":0,"current":0,"available":1},{"languageId":2,"locale":"hu_HU.UTF-8","title":"Magyar","navigationTitle":"Magyar","twoLetterIsoCode":"hu","hreflang":"hu-HU","direction":"ltr","flag":"flags-hu","link":"https:\/\/haus.stage.tfirst.de\/","active":1,"current":0,"available":1}]}